{"id":41624,"date":"2025-04-28T12:47:11","date_gmt":"2025-04-28T16:47:11","guid":{"rendered":"https:\/\/dormalab.com\/product\/masque-f30i-petit-cadre-coussin-moyen\/"},"modified":"2025-12-09T14:38:44","modified_gmt":"2025-12-09T19:38:44","slug":"masque-f30i-petit-cadre-coussin-moyen","status":"publish","type":"product","link":"https:\/\/dormalab.com\/fr\/produit\/masque-f30i-petit-cadre-coussin-moyen\/","title":{"rendered":"Masque F30i, petit cadre, coussin moyen"},"content":{"rendered":"<ul>\n<li data-start=\"497\" data-end=\"650\">\n<p data-start=\"499\" data-end=\"650\"><strong data-start=\"499\" data-end=\"545\">Masque facial int\u00e9gral avec conception \u00e0 contact minimal<\/strong> : Couvre la bouche et le nez sans support frontal, offrant une exp\u00e9rience plus ouverte et confortable.<\/p>\n<\/li>\n<li data-start=\"651\" data-end=\"774\">\n<p data-start=\"653\" data-end=\"774\"><strong data-start=\"653\" data-end=\"684\">Connexion du tube au sommet de la t\u00eate<\/strong> : Maintient le tube hors de port\u00e9e pour vous permettre de dormir dans n&rsquo;importe quelle position \u2013 sur le c\u00f4t\u00e9, sur le dos.<\/p>\n<\/li>\n<li data-start=\"775\" data-end=\"873\">\n<p data-start=\"777\" data-end=\"873\"><strong data-start=\"777\" data-end=\"797\">Taille de cadre r\u00e9duite<\/strong> : Con\u00e7u pour s&rsquo;adapter aux structures faciales plus petites pour un ajustement s\u00fbr et personnalis\u00e9.<\/p>\n<\/li>\n<li data-start=\"874\" data-end=\"987\">\n<p data-start=\"876\" data-end=\"987\"><strong data-start=\"876\" data-end=\"899\">Taille de coussin moyenne<\/strong> : S&rsquo;adapte confortablement \u00e0 la plupart des utilisateurs, en se scellant d\u00e9licatement sous le nez et sur la bouche.<\/p>\n<\/li>\n<li data-start=\"988\" data-end=\"1108\">\n<p data-start=\"990\" data-end=\"1108\"><strong data-start=\"990\" data-end=\"1019\">Technologie de ventilation QuietAir\u2122<\/strong> : Minimise le bruit et disperse doucement l&rsquo;air expir\u00e9 pour un environnement de sommeil plus paisible.<\/p>\n<\/li>\n<li data-start=\"1109\" data-end=\"1184\">\n<p data-start=\"1111\" data-end=\"1184\"><strong data-start=\"1111\" data-end=\"1129\">Clips magn\u00e9tiques<\/strong> : Permettent un retrait et un ajustement rapides et faciles du masque.<\/p>\n<\/li>\n<li data-start=\"1185\" data-end=\"1319\">\n<p data-start=\"1187\" data-end=\"1319\"><strong data-start=\"1187\" data-end=\"1216\">Id\u00e9al pour les porteurs de lunettes<\/strong> : La conception ouverte offre une ligne de vision d\u00e9gag\u00e9e \u2013 parfait pour lire ou regarder TV avant de dormir.<\/p>\n<\/li>\n<li data-start=\"1320\" data-end=\"1416\">\n<p data-start=\"1322\" data-end=\"1416\"><strong data-start=\"1322\" data-end=\"1352\">Facile \u00e0 nettoyer et \u00e0 entretenir<\/strong> : Moins de pi\u00e8ces et une conception conviviale simplifient les routines d&rsquo;entretien.<\/p>\n<\/li>\n<\/ul>\n<p class=\"\" style=\"text-align: left;\" data-start=\"1295\" data-end=\"1311\"><strong data-start=\"1295\" data-end=\"1311\"> Note de s\u00e9curit\u00e9 :<\/strong><\/p>\n<p class=\"\" style=\"text-align: left;\" data-start=\"1313\" data-end=\"1478\"> <span class=\"relative -mx-px my-[-0.2rem] rounded px-px py-[0.2rem] transition-colors duration-100 ease-in-out\">Le masque contient des aimants qui peuvent interf\u00e9rer avec certains implants ou dispositifs m\u00e9dicaux.<\/span> <span class=\"relative -mx-px my-[-0.2rem] rounded px-px py-[0.2rem] transition-colors duration-100 ease-in-out\">Les utilisateurs porteurs de tels dispositifs doivent consulter le guide d&rsquo;utilisation pour obtenir des informations compl\u00e8tes, y compris les contre-indications et les avertissements relatifs aux interf\u00e9rences magn\u00e9tiques.<\/span><\/p>\n","protected":false},"excerpt":{"rendered":"<p data-start=\"212\" data-end=\"444\">Le masque facial int\u00e9gral ResMed AirFit\u2122 F30i avec cadre petit et coussin moyen offre une connexion du tube au sommet de la t\u00eate pour une plus grande libert\u00e9 de mouvement et un champ de vision d\u00e9gag\u00e9, le rendant id\u00e9al pour les dormeurs actifs et ceux qui portent des lunettes.<\/p>\n","protected":false},"featured_media":40805,"template":"","meta":[],"product_brand":[368],"product_cat":[365],"product_tag":[],"class_list":{"0":"post-41624","1":"product","2":"type-product","3":"status-publish","4":"has-post-thumbnail","6":"product_brand-resmed","7":"product_cat-masque","9":"first","10":"instock","11":"shipping-taxable","12":"purchasable","13":"product-type-simple"},"yoast_head":"<!-- This site is optimized with the Yoast SEO plugin v27.4 - https:\/\/yoast.com\/product\/yoast-seo-wordpress\/ -->\n<title>Masque F30i, petit cadre, coussin moyen - Dorma Sleep Clinics<\/title>\n<meta name=\"robots\" content=\"index, follow, max-snippet:-1, max-image-preview:large, max-video-preview:-1\" \/>\n<link rel=\"canonical\" href=\"https:\/\/dormalab.com\/fr\/produit\/masque-f30i-petit-cadre-coussin-moyen\/\" \/>\n<meta property=\"og:locale\" content=\"fr_FR\" \/>\n<meta property=\"og:type\" content=\"article\" \/>\n<meta property=\"og:title\" content=\"Masque F30i, petit cadre, coussin moyen - Dorma Sleep Clinics\" \/>\n<meta property=\"og:description\" content=\"Le masque facial int\u00e9gral ResMed AirFit\u2122 F30i avec cadre petit et coussin moyen offre une connexion du tube au sommet de la t\u00eate pour une plus grande libert\u00e9 de mouvement et un champ de vision d\u00e9gag\u00e9, le rendant id\u00e9al pour les dormeurs actifs et ceux qui portent des lunettes.\" \/>\n<meta property=\"og:url\" content=\"https:\/\/dormalab.com\/fr\/produit\/masque-f30i-petit-cadre-coussin-moyen\/\" \/>\n<meta property=\"og:site_name\" content=\"Dorma Sleep Clinics\" \/>\n<meta property=\"article:modified_time\" content=\"2025-12-09T19:38:44+00:00\" \/>\n<meta property=\"og:image\" content=\"https:\/\/dormalab.com\/wp-content\/uploads\/2025\/04\/Capture-3.png\" \/>\n\t<meta property=\"og:image:width\" content=\"380\" \/>\n\t<meta property=\"og:image:height\" content=\"427\" \/>\n\t<meta property=\"og:image:type\" content=\"image\/png\" \/>\n<meta name=\"twitter:card\" content=\"summary_large_image\" \/>\n<meta name=\"twitter:label1\" content=\"Dur\u00e9e de lecture estim\u00e9e\" \/>\n\t<meta name=\"twitter:data1\" content=\"1 minute\" \/>\n<script type=\"application\/ld+json\" class=\"yoast-schema-graph\">{\"@context\":\"https:\\\/\\\/schema.org\",\"@graph\":[{\"@type\":\"WebPage\",\"@id\":\"https:\\\/\\\/dormalab.com\\\/fr\\\/produit\\\/masque-f30i-petit-cadre-coussin-moyen\\\/\",\"url\":\"https:\\\/\\\/dormalab.com\\\/fr\\\/produit\\\/masque-f30i-petit-cadre-coussin-moyen\\\/\",\"name\":\"Masque F30i, petit cadre, coussin moyen - Dorma Sleep Clinics\",\"isPartOf\":{\"@id\":\"https:\\\/\\\/dormalab.com\\\/fr\\\/#website\"},\"primaryImageOfPage\":{\"@id\":\"https:\\\/\\\/dormalab.com\\\/fr\\\/produit\\\/masque-f30i-petit-cadre-coussin-moyen\\\/#primaryimage\"},\"image\":{\"@id\":\"https:\\\/\\\/dormalab.com\\\/fr\\\/produit\\\/masque-f30i-petit-cadre-coussin-moyen\\\/#primaryimage\"},\"thumbnailUrl\":\"https:\\\/\\\/dormalab.com\\\/wp-content\\\/uploads\\\/2025\\\/04\\\/Capture-3.png\",\"datePublished\":\"2025-04-28T16:47:11+00:00\",\"dateModified\":\"2025-12-09T19:38:44+00:00\",\"breadcrumb\":{\"@id\":\"https:\\\/\\\/dormalab.com\\\/fr\\\/produit\\\/masque-f30i-petit-cadre-coussin-moyen\\\/#breadcrumb\"},\"inLanguage\":\"fr-FR\",\"potentialAction\":[{\"@type\":\"ReadAction\",\"target\":[\"https:\\\/\\\/dormalab.com\\\/fr\\\/produit\\\/masque-f30i-petit-cadre-coussin-moyen\\\/\"]}]},{\"@type\":\"ImageObject\",\"inLanguage\":\"fr-FR\",\"@id\":\"https:\\\/\\\/dormalab.com\\\/fr\\\/produit\\\/masque-f30i-petit-cadre-coussin-moyen\\\/#primaryimage\",\"url\":\"https:\\\/\\\/dormalab.com\\\/wp-content\\\/uploads\\\/2025\\\/04\\\/Capture-3.png\",\"contentUrl\":\"https:\\\/\\\/dormalab.com\\\/wp-content\\\/uploads\\\/2025\\\/04\\\/Capture-3.png\",\"width\":380,\"height\":427},{\"@type\":\"BreadcrumbList\",\"@id\":\"https:\\\/\\\/dormalab.com\\\/fr\\\/produit\\\/masque-f30i-petit-cadre-coussin-moyen\\\/#breadcrumb\",\"itemListElement\":[{\"@type\":\"ListItem\",\"position\":1,\"name\":\"Home\",\"item\":\"https:\\\/\\\/dormalab.com\\\/fr\\\/\"},{\"@type\":\"ListItem\",\"position\":2,\"name\":\"Boutique\",\"item\":\"https:\\\/\\\/dormalab.com\\\/fr\\\/boutique\\\/\"},{\"@type\":\"ListItem\",\"position\":3,\"name\":\"Masque F30i, petit cadre, coussin moyen\"}]},{\"@type\":\"WebSite\",\"@id\":\"https:\\\/\\\/dormalab.com\\\/fr\\\/#website\",\"url\":\"https:\\\/\\\/dormalab.com\\\/fr\\\/\",\"name\":\"Dorma Sleep Clinics\",\"description\":\"Sleep Well Live Well\",\"publisher\":{\"@id\":\"https:\\\/\\\/dormalab.com\\\/fr\\\/#organization\"},\"potentialAction\":[{\"@type\":\"SearchAction\",\"target\":{\"@type\":\"EntryPoint\",\"urlTemplate\":\"https:\\\/\\\/dormalab.com\\\/fr\\\/?s={search_term_string}\"},\"query-input\":{\"@type\":\"PropertyValueSpecification\",\"valueRequired\":true,\"valueName\":\"search_term_string\"}}],\"inLanguage\":\"fr-FR\"},{\"@type\":\"Organization\",\"@id\":\"https:\\\/\\\/dormalab.com\\\/fr\\\/#organization\",\"name\":\"Dorma Clinique Du Sommeil\",\"url\":\"https:\\\/\\\/dormalab.com\\\/fr\\\/\",\"logo\":{\"@type\":\"ImageObject\",\"inLanguage\":\"fr-FR\",\"@id\":\"https:\\\/\\\/dormalab.com\\\/fr\\\/#\\\/schema\\\/logo\\\/image\\\/\",\"url\":\"https:\\\/\\\/dormalab.com\\\/wp-content\\\/uploads\\\/2019\\\/10\\\/Dorma-Logotype-RGB-Black-scaled-e1578787470924.png\",\"contentUrl\":\"https:\\\/\\\/dormalab.com\\\/wp-content\\\/uploads\\\/2019\\\/10\\\/Dorma-Logotype-RGB-Black-scaled-e1578787470924.png\",\"width\":120,\"height\":25,\"caption\":\"Dorma Clinique Du Sommeil\"},\"image\":{\"@id\":\"https:\\\/\\\/dormalab.com\\\/fr\\\/#\\\/schema\\\/logo\\\/image\\\/\"}}]}<\/script>\n<!-- \/ Yoast SEO plugin. -->","yoast_head_json":{"title":"Masque F30i, petit cadre, coussin moyen - Dorma Sleep Clinics","robots":{"index":"index","follow":"follow","max-snippet":"max-snippet:-1","max-image-preview":"max-image-preview:large","max-video-preview":"max-video-preview:-1"},"canonical":"https:\/\/dormalab.com\/fr\/produit\/masque-f30i-petit-cadre-coussin-moyen\/","og_locale":"fr_FR","og_type":"article","og_title":"Masque F30i, petit cadre, coussin moyen - Dorma Sleep Clinics","og_description":"Le masque facial int\u00e9gral ResMed AirFit\u2122 F30i avec cadre petit et coussin moyen offre une connexion du tube au sommet de la t\u00eate pour une plus grande libert\u00e9 de mouvement et un champ de vision d\u00e9gag\u00e9, le rendant id\u00e9al pour les dormeurs actifs et ceux qui portent des lunettes.","og_url":"https:\/\/dormalab.com\/fr\/produit\/masque-f30i-petit-cadre-coussin-moyen\/","og_site_name":"Dorma Sleep Clinics","article_modified_time":"2025-12-09T19:38:44+00:00","og_image":[{"width":380,"height":427,"url":"https:\/\/dormalab.com\/wp-content\/uploads\/2025\/04\/Capture-3.png","type":"image\/png"}],"twitter_card":"summary_large_image","twitter_misc":{"Dur\u00e9e de lecture estim\u00e9e":"1 minute"},"schema":{"@context":"https:\/\/schema.org","@graph":[{"@type":"WebPage","@id":"https:\/\/dormalab.com\/fr\/produit\/masque-f30i-petit-cadre-coussin-moyen\/","url":"https:\/\/dormalab.com\/fr\/produit\/masque-f30i-petit-cadre-coussin-moyen\/","name":"Masque F30i, petit cadre, coussin moyen - Dorma Sleep Clinics","isPartOf":{"@id":"https:\/\/dormalab.com\/fr\/#website"},"primaryImageOfPage":{"@id":"https:\/\/dormalab.com\/fr\/produit\/masque-f30i-petit-cadre-coussin-moyen\/#primaryimage"},"image":{"@id":"https:\/\/dormalab.com\/fr\/produit\/masque-f30i-petit-cadre-coussin-moyen\/#primaryimage"},"thumbnailUrl":"https:\/\/dormalab.com\/wp-content\/uploads\/2025\/04\/Capture-3.png","datePublished":"2025-04-28T16:47:11+00:00","dateModified":"2025-12-09T19:38:44+00:00","breadcrumb":{"@id":"https:\/\/dormalab.com\/fr\/produit\/masque-f30i-petit-cadre-coussin-moyen\/#breadcrumb"},"inLanguage":"fr-FR","potentialAction":[{"@type":"ReadAction","target":["https:\/\/dormalab.com\/fr\/produit\/masque-f30i-petit-cadre-coussin-moyen\/"]}]},{"@type":"ImageObject","inLanguage":"fr-FR","@id":"https:\/\/dormalab.com\/fr\/produit\/masque-f30i-petit-cadre-coussin-moyen\/#primaryimage","url":"https:\/\/dormalab.com\/wp-content\/uploads\/2025\/04\/Capture-3.png","contentUrl":"https:\/\/dormalab.com\/wp-content\/uploads\/2025\/04\/Capture-3.png","width":380,"height":427},{"@type":"BreadcrumbList","@id":"https:\/\/dormalab.com\/fr\/produit\/masque-f30i-petit-cadre-coussin-moyen\/#breadcrumb","itemListElement":[{"@type":"ListItem","position":1,"name":"Home","item":"https:\/\/dormalab.com\/fr\/"},{"@type":"ListItem","position":2,"name":"Boutique","item":"https:\/\/dormalab.com\/fr\/boutique\/"},{"@type":"ListItem","position":3,"name":"Masque F30i, petit cadre, coussin moyen"}]},{"@type":"WebSite","@id":"https:\/\/dormalab.com\/fr\/#website","url":"https:\/\/dormalab.com\/fr\/","name":"Dorma Sleep Clinics","description":"Sleep Well Live Well","publisher":{"@id":"https:\/\/dormalab.com\/fr\/#organization"},"potentialAction":[{"@type":"SearchAction","target":{"@type":"EntryPoint","urlTemplate":"https:\/\/dormalab.com\/fr\/?s={search_term_string}"},"query-input":{"@type":"PropertyValueSpecification","valueRequired":true,"valueName":"search_term_string"}}],"inLanguage":"fr-FR"},{"@type":"Organization","@id":"https:\/\/dormalab.com\/fr\/#organization","name":"Dorma Clinique Du Sommeil","url":"https:\/\/dormalab.com\/fr\/","logo":{"@type":"ImageObject","inLanguage":"fr-FR","@id":"https:\/\/dormalab.com\/fr\/#\/schema\/logo\/image\/","url":"https:\/\/dormalab.com\/wp-content\/uploads\/2019\/10\/Dorma-Logotype-RGB-Black-scaled-e1578787470924.png","contentUrl":"https:\/\/dormalab.com\/wp-content\/uploads\/2019\/10\/Dorma-Logotype-RGB-Black-scaled-e1578787470924.png","width":120,"height":25,"caption":"Dorma Clinique Du Sommeil"},"image":{"@id":"https:\/\/dormalab.com\/fr\/#\/schema\/logo\/image\/"}}]}},"_links":{"self":[{"href":"https:\/\/dormalab.com\/fr\/wp-json\/wp\/v2\/product\/41624","targetHints":{"allow":["GET"]}}],"collection":[{"href":"https:\/\/dormalab.com\/fr\/wp-json\/wp\/v2\/product"}],"about":[{"href":"https:\/\/dormalab.com\/fr\/wp-json\/wp\/v2\/types\/product"}],"version-history":[{"count":0,"href":"https:\/\/dormalab.com\/fr\/wp-json\/wp\/v2\/product\/41624\/revisions"}],"wp:featuredmedia":[{"embeddable":true,"href":"https:\/\/dormalab.com\/fr\/wp-json\/wp\/v2\/media\/40805"}],"wp:attachment":[{"href":"https:\/\/dormalab.com\/fr\/wp-json\/wp\/v2\/media?parent=41624"}],"wp:term":[{"taxonomy":"product_brand","embeddable":true,"href":"https:\/\/dormalab.com\/fr\/wp-json\/wp\/v2\/product_brand?post=41624"},{"taxonomy":"product_cat","embeddable":true,"href":"https:\/\/dormalab.com\/fr\/wp-json\/wp\/v2\/product_cat?post=41624"},{"taxonomy":"product_tag","embeddable":true,"href":"https:\/\/dormalab.com\/fr\/wp-json\/wp\/v2\/product_tag?post=41624"}],"curies":[{"name":"wp","href":"https:\/\/api.w.org\/{rel}","templated":true}]}}