{"id":41634,"date":"2025-04-28T12:47:02","date_gmt":"2025-04-28T16:47:02","guid":{"rendered":"https:\/\/dormalab.com\/product\/masque-airtouch-f20-taille-moyenne\/"},"modified":"2025-12-09T14:39:07","modified_gmt":"2025-12-09T19:39:07","slug":"masque-airtouch-f20-taille-moyenne","status":"publish","type":"product","link":"https:\/\/dormalab.com\/fr\/produit\/masque-airtouch-f20-taille-moyenne\/","title":{"rendered":"Masque AirTouch F20 \u2013 Taille moyenne"},"content":{"rendered":"<p class=\"\" data-start=\"40\" data-end=\"87\"><strong data-start=\"40\" data-end=\"87\">Masque facial int\u00e9gral ResMed AirTouch F20 \u2013 Taille moyenne<\/strong><\/p>\n<p class=\"\" data-start=\"89\" data-end=\"208\"><span class=\"relative -mx-px my-[-0.2rem] rounded px-px py-[0.2rem] transition-colors duration-100 ease-in-out\">Faites l&rsquo;exp\u00e9rience d&rsquo;un confort et d&rsquo;une performance in\u00e9gal\u00e9s avec le masque facial int\u00e9gral ResMed AirTouch F20 en taille moyenne.<\/span> <span class=\"relative -mx-px my-[-0.2rem] rounded px-px py-[0.2rem] transition-colors duration-100 ease-in-out\">Con\u00e7u pour les utilisateurs d&rsquo;appareils de PPC qui respirent par la bouche ou qui ressentent des points de pression faciale, ce masque allie une technologie innovante \u00e0 des caract\u00e9ristiques conviviales.<\/span><\/p>\n<p class=\"\" data-start=\"210\" data-end=\"227\"><strong data-start=\"210\" data-end=\"227\">Caract\u00e9ristiques Principales :<\/strong><\/p>\n<ul data-start=\"229\" data-end=\"1017\">\n<li class=\"\" data-start=\"229\" data-end=\"386\">\n<p class=\"\" data-start=\"231\" data-end=\"386\"><strong data-start=\"231\" data-end=\"266\">Coussin en mousse \u00e0 m\u00e9moire de forme UltraSoft\u2122 :<\/strong> <span class=\"relative -mx-px my-[-0.2rem] rounded px-px py-[0.2rem] transition-colors duration-100 ease-in-out\">Le coussinet de l&rsquo;AirTouch F20 s&rsquo;adapte aux contours de votre visage, offrant une \u00e9tanch\u00e9it\u00e9 s\u00fbre tout en r\u00e9duisant les frottements et la pression de contact. Cette conception contribue \u00e0 minimiser les marques rouges et l&rsquo;inconfort, m\u00eame lors d&rsquo;une utilisation prolong\u00e9e. <\/span> \u200b<\/p>\n<\/li>\n<li class=\"\" data-start=\"388\" data-end=\"540\">\n<p class=\"\" data-start=\"390\" data-end=\"540\"><strong data-start=\"390\" data-end=\"420\">Technologie de ventilation QuietAir\u2122 :<\/strong> <span class=\"relative -mx-px my-[-0.2rem] rounded px-px py-[0.2rem] transition-colors duration-100 ease-in-out\">Int\u00e9gr\u00e9e au coude, cette technologie diffuse l&rsquo;air expir\u00e9, r\u00e9duisant le bruit et cr\u00e9ant un environnement de sommeil paisible.<\/span><\/p>\n<\/li>\n<li class=\"\" data-start=\"542\" data-end=\"711\">\n<p class=\"\" data-start=\"544\" data-end=\"711\"><strong data-start=\"544\" data-end=\"585\">Clips magn\u00e9tiques et coude \u00e0 d\u00e9gagement rapide&nbsp;:<\/strong> <span class=\"relative -mx-px my-[-0.2rem] rounded px-px py-[0.2rem] transition-colors duration-100 ease-in-out\">Simplifiez la mise en place et le retrait du masque. Les clips magn\u00e9tiques permettent une fixation et un retrait faciles, tandis que le coude \u00e0 d\u00e9gagement rapide vous permet de vous d\u00e9connecter du tuyau <a href=\"https:\/\/dormalab.com\/continuous-positive-airflow-pressure-cpap\/\" data-internallinksmanager029f6b8e52c=\"1\" title=\"Continuous Positive Airflow Pressure (CPAP)\">CPAP<\/a> sans retirer tout le masque. <\/span> \u200b<\/p>\n<\/li>\n<li class=\"\" data-start=\"713\" data-end=\"866\">\n<p class=\"\" data-start=\"715\" data-end=\"866\"><strong data-start=\"715\" data-end=\"740\">Conception modulaire du cadre&nbsp;:<\/strong> <span class=\"relative -mx-px my-[-0.2rem] rounded px-px py-[0.2rem] transition-colors duration-100 ease-in-out\">Compatible avec les coussins AirTouch et AirFit F20, offrant aux utilisateurs la possibilit\u00e9 d\u2019alterner entre coussins en mousse et en silicone selon leurs besoins.<\/span><\/p>\n<\/li>\n<li class=\"\" data-start=\"868\" data-end=\"1017\">\n<p class=\"\" data-start=\"870\" data-end=\"1017\"><strong data-start=\"870\" data-end=\"891\">Entretien facile&nbsp;:<\/strong> <span class=\"relative -mx-px my-[-0.2rem] rounded px-px py-[0.2rem] transition-colors duration-100 ease-in-out\">Le coussinet en mousse \u00e0 m\u00e9moire de forme UltraSoft ne n\u00e9cessite pas de nettoyage quotidien ; un simple essuyage suffit. Un remplacement r\u00e9gulier garantit l&rsquo;hygi\u00e8ne et des performances optimales. <\/span> \u200b<\/p>\n<\/li>\n<\/ul>\n<p class=\"\" data-start=\"1019\" data-end=\"1038\"><strong data-start=\"1019\" data-end=\"1038\">Sp\u00e9cifications :<\/strong><\/p>\n<ul data-start=\"1040\" data-end=\"1414\">\n<li class=\"\" data-start=\"1040\" data-end=\"1137\">\n<p class=\"\" data-start=\"1042\" data-end=\"1137\"><strong data-start=\"1042\" data-end=\"1051\">Taille :<\/strong> <span class=\"relative -mx-px my-[-0.2rem] rounded px-px py-[0.2rem] transition-colors duration-100 ease-in-out\">Moyenne<\/span>\u200b<\/p>\n<\/li>\n<li class=\"\" data-start=\"1139\" data-end=\"1240\">\n<p class=\"\" data-start=\"1141\" data-end=\"1240\"><strong data-start=\"1141\" data-end=\"1154\">Comprend :<\/strong> <span class=\"relative -mx-px my-[-0.2rem] rounded px-px py-[0.2rem] transition-colors duration-100 ease-in-out\">Casque avec clips magn\u00e9tiques<\/span><\/p>\n<\/li>\n<li class=\"\" data-start=\"1242\" data-end=\"1309\">\n<p class=\"\" data-start=\"1244\" data-end=\"1309\"><strong data-start=\"1244\" data-end=\"1259\">Sans latex :<\/strong> Oui<\/p>\n<\/li>\n<li class=\"\" data-start=\"1311\" data-end=\"1414\">\n<p class=\"\" data-start=\"1313\" data-end=\"1414\"><strong data-start=\"1313\" data-end=\"1328\">Code HCPCS :<\/strong> <span class=\"relative -mx-px my-[-0.2rem] rounded px-px py-[0.2rem] transition-colors duration-100 ease-in-out\">A7030<\/span><\/p>\n<\/li>\n<\/ul>\n<p class=\"\" data-start=\"1416\" data-end=\"1430\"><strong data-start=\"1416\" data-end=\"1430\">Id\u00e9al pour :<\/strong><\/p>\n<ul data-start=\"1432\" data-end=\"1697\">\n<li class=\"\" data-start=\"1432\" data-end=\"1519\">\n<p class=\"\" data-start=\"1434\" data-end=\"1519\"><span class=\"relative -mx-px my-[-0.2rem] rounded px-px py-[0.2rem] transition-colors duration-100 ease-in-out\">Les personnes qui bougent pendant leur sommeil<\/span><\/p>\n<\/li>\n<li class=\"\" data-start=\"1521\" data-end=\"1608\">\n<p class=\"\" data-start=\"1523\" data-end=\"1608\"><span class=\"relative -mx-px my-[-0.2rem] rounded px-px py-[0.2rem] transition-colors duration-100 ease-in-out\">Pour ceux qui recherchent une exp\u00e9rience CPAP plus silencieuse<\/span><\/p>\n<\/li>\n<li class=\"\" data-start=\"1610\" data-end=\"1697\">\n<p class=\"\" data-start=\"1612\" data-end=\"1697\"><span class=\"relative -mx-px my-[-0.2rem] rounded px-px py-[0.2rem] transition-colors duration-100 ease-in-out\">Les utilisateurs souhaitant un masque qui minimise les marques faciales<\/span><\/p>\n<\/li>\n<\/ul>\n<p>&nbsp;<\/p>\n","protected":false},"excerpt":{"rendered":"<p>Le masque facial int\u00e9gral ResMed AirTouch F20 (taille moyenne) est dot\u00e9 d&rsquo;un coussinet en mousse \u00e0 m\u00e9moire de forme UltraSoft\u2122 pour un confort sup\u00e9rieur, une \u00e9tanch\u00e9it\u00e9 s\u00fbre et des marques faciales minimales. Id\u00e9al pour les utilisateurs de PPC recherchant une th\u00e9rapie silencieuse, pratique et efficace avec des clips magn\u00e9tiques faciles \u00e0 utiliser et la technologie d&rsquo;\u00e9vent QuietAir\u2122. <\/p>\n","protected":false},"featured_media":40560,"template":"","meta":[],"product_brand":[368],"product_cat":[365],"product_tag":[],"class_list":{"0":"post-41634","1":"product","2":"type-product","3":"status-publish","4":"has-post-thumbnail","6":"product_brand-resmed","7":"product_cat-masque","9":"first","10":"instock","11":"shipping-taxable","12":"purchasable","13":"product-type-simple"},"yoast_head":"<!-- This site is optimized with the Yoast SEO plugin v27.5 - https:\/\/yoast.com\/product\/yoast-seo-wordpress\/ -->\n<title>Masque AirTouch F20 - Taille moyenne - Dorma Sleep Clinics<\/title>\n<meta name=\"robots\" content=\"index, follow, max-snippet:-1, max-image-preview:large, max-video-preview:-1\" \/>\n<link rel=\"canonical\" href=\"https:\/\/dormalab.com\/fr\/produit\/masque-airtouch-f20-taille-moyenne\/\" \/>\n<meta property=\"og:locale\" content=\"fr_FR\" \/>\n<meta property=\"og:type\" content=\"article\" \/>\n<meta property=\"og:title\" content=\"Masque AirTouch F20 - Taille moyenne - Dorma Sleep Clinics\" \/>\n<meta property=\"og:description\" content=\"Le masque facial int\u00e9gral ResMed AirTouch F20 (taille moyenne) est dot\u00e9 d&#039;un coussinet en mousse \u00e0 m\u00e9moire de forme UltraSoft\u2122 pour un confort sup\u00e9rieur, une \u00e9tanch\u00e9it\u00e9 s\u00fbre et des marques faciales minimales. Id\u00e9al pour les utilisateurs de PPC recherchant une th\u00e9rapie silencieuse, pratique et efficace avec des clips magn\u00e9tiques faciles \u00e0 utiliser et la technologie d&#039;\u00e9vent QuietAir\u2122.\" \/>\n<meta property=\"og:url\" content=\"https:\/\/dormalab.com\/fr\/produit\/masque-airtouch-f20-taille-moyenne\/\" \/>\n<meta property=\"og:site_name\" content=\"Dorma Sleep Clinics\" \/>\n<meta property=\"article:modified_time\" content=\"2025-12-09T19:39:07+00:00\" \/>\n<meta property=\"og:image\" content=\"https:\/\/dormalab.com\/wp-content\/uploads\/2025\/04\/w-6302x_resmed_airtouch_foam_f20_ffm_5.webp\" \/>\n\t<meta property=\"og:image:width\" content=\"700\" \/>\n\t<meta property=\"og:image:height\" content=\"700\" \/>\n\t<meta property=\"og:image:type\" content=\"image\/webp\" \/>\n<meta name=\"twitter:card\" content=\"summary_large_image\" \/>\n<meta name=\"twitter:label1\" content=\"Dur\u00e9e de lecture estim\u00e9e\" \/>\n\t<meta name=\"twitter:data1\" content=\"2 minute\" \/>\n<script type=\"application\/ld+json\" class=\"yoast-schema-graph\">{\"@context\":\"https:\\\/\\\/schema.org\",\"@graph\":[{\"@type\":\"WebPage\",\"@id\":\"https:\\\/\\\/dormalab.com\\\/fr\\\/produit\\\/masque-airtouch-f20-taille-moyenne\\\/\",\"url\":\"https:\\\/\\\/dormalab.com\\\/fr\\\/produit\\\/masque-airtouch-f20-taille-moyenne\\\/\",\"name\":\"Masque AirTouch F20 - Taille moyenne - Dorma Sleep Clinics\",\"isPartOf\":{\"@id\":\"https:\\\/\\\/dormalab.com\\\/fr\\\/#website\"},\"primaryImageOfPage\":{\"@id\":\"https:\\\/\\\/dormalab.com\\\/fr\\\/produit\\\/masque-airtouch-f20-taille-moyenne\\\/#primaryimage\"},\"image\":{\"@id\":\"https:\\\/\\\/dormalab.com\\\/fr\\\/produit\\\/masque-airtouch-f20-taille-moyenne\\\/#primaryimage\"},\"thumbnailUrl\":\"https:\\\/\\\/dormalab.com\\\/wp-content\\\/uploads\\\/2025\\\/04\\\/w-6302x_resmed_airtouch_foam_f20_ffm_5.webp\",\"datePublished\":\"2025-04-28T16:47:02+00:00\",\"dateModified\":\"2025-12-09T19:39:07+00:00\",\"breadcrumb\":{\"@id\":\"https:\\\/\\\/dormalab.com\\\/fr\\\/produit\\\/masque-airtouch-f20-taille-moyenne\\\/#breadcrumb\"},\"inLanguage\":\"fr-FR\",\"potentialAction\":[{\"@type\":\"ReadAction\",\"target\":[\"https:\\\/\\\/dormalab.com\\\/fr\\\/produit\\\/masque-airtouch-f20-taille-moyenne\\\/\"]}]},{\"@type\":\"ImageObject\",\"inLanguage\":\"fr-FR\",\"@id\":\"https:\\\/\\\/dormalab.com\\\/fr\\\/produit\\\/masque-airtouch-f20-taille-moyenne\\\/#primaryimage\",\"url\":\"https:\\\/\\\/dormalab.com\\\/wp-content\\\/uploads\\\/2025\\\/04\\\/w-6302x_resmed_airtouch_foam_f20_ffm_5.webp\",\"contentUrl\":\"https:\\\/\\\/dormalab.com\\\/wp-content\\\/uploads\\\/2025\\\/04\\\/w-6302x_resmed_airtouch_foam_f20_ffm_5.webp\",\"width\":700,\"height\":700},{\"@type\":\"BreadcrumbList\",\"@id\":\"https:\\\/\\\/dormalab.com\\\/fr\\\/produit\\\/masque-airtouch-f20-taille-moyenne\\\/#breadcrumb\",\"itemListElement\":[{\"@type\":\"ListItem\",\"position\":1,\"name\":\"Home\",\"item\":\"https:\\\/\\\/dormalab.com\\\/fr\\\/\"},{\"@type\":\"ListItem\",\"position\":2,\"name\":\"Boutique\",\"item\":\"https:\\\/\\\/dormalab.com\\\/fr\\\/boutique\\\/\"},{\"@type\":\"ListItem\",\"position\":3,\"name\":\"Masque AirTouch F20 \u2013 Taille moyenne\"}]},{\"@type\":\"WebSite\",\"@id\":\"https:\\\/\\\/dormalab.com\\\/fr\\\/#website\",\"url\":\"https:\\\/\\\/dormalab.com\\\/fr\\\/\",\"name\":\"Dorma Sleep Clinics\",\"description\":\"Sleep Well Live Well\",\"publisher\":{\"@id\":\"https:\\\/\\\/dormalab.com\\\/fr\\\/#organization\"},\"potentialAction\":[{\"@type\":\"SearchAction\",\"target\":{\"@type\":\"EntryPoint\",\"urlTemplate\":\"https:\\\/\\\/dormalab.com\\\/fr\\\/?s={search_term_string}\"},\"query-input\":{\"@type\":\"PropertyValueSpecification\",\"valueRequired\":true,\"valueName\":\"search_term_string\"}}],\"inLanguage\":\"fr-FR\"},{\"@type\":\"Organization\",\"@id\":\"https:\\\/\\\/dormalab.com\\\/fr\\\/#organization\",\"name\":\"Dorma Clinique Du Sommeil\",\"url\":\"https:\\\/\\\/dormalab.com\\\/fr\\\/\",\"logo\":{\"@type\":\"ImageObject\",\"inLanguage\":\"fr-FR\",\"@id\":\"https:\\\/\\\/dormalab.com\\\/fr\\\/#\\\/schema\\\/logo\\\/image\\\/\",\"url\":\"https:\\\/\\\/dormalab.com\\\/wp-content\\\/uploads\\\/2019\\\/10\\\/Dorma-Logotype-RGB-Black-scaled-e1578787470924.png\",\"contentUrl\":\"https:\\\/\\\/dormalab.com\\\/wp-content\\\/uploads\\\/2019\\\/10\\\/Dorma-Logotype-RGB-Black-scaled-e1578787470924.png\",\"width\":120,\"height\":25,\"caption\":\"Dorma Clinique Du Sommeil\"},\"image\":{\"@id\":\"https:\\\/\\\/dormalab.com\\\/fr\\\/#\\\/schema\\\/logo\\\/image\\\/\"}}]}<\/script>\n<!-- \/ Yoast SEO plugin. -->","yoast_head_json":{"title":"Masque AirTouch F20 - Taille moyenne - Dorma Sleep Clinics","robots":{"index":"index","follow":"follow","max-snippet":"max-snippet:-1","max-image-preview":"max-image-preview:large","max-video-preview":"max-video-preview:-1"},"canonical":"https:\/\/dormalab.com\/fr\/produit\/masque-airtouch-f20-taille-moyenne\/","og_locale":"fr_FR","og_type":"article","og_title":"Masque AirTouch F20 - Taille moyenne - Dorma Sleep Clinics","og_description":"Le masque facial int\u00e9gral ResMed AirTouch F20 (taille moyenne) est dot\u00e9 d'un coussinet en mousse \u00e0 m\u00e9moire de forme UltraSoft\u2122 pour un confort sup\u00e9rieur, une \u00e9tanch\u00e9it\u00e9 s\u00fbre et des marques faciales minimales. Id\u00e9al pour les utilisateurs de PPC recherchant une th\u00e9rapie silencieuse, pratique et efficace avec des clips magn\u00e9tiques faciles \u00e0 utiliser et la technologie d'\u00e9vent QuietAir\u2122.","og_url":"https:\/\/dormalab.com\/fr\/produit\/masque-airtouch-f20-taille-moyenne\/","og_site_name":"Dorma Sleep Clinics","article_modified_time":"2025-12-09T19:39:07+00:00","og_image":[{"width":700,"height":700,"url":"https:\/\/dormalab.com\/wp-content\/uploads\/2025\/04\/w-6302x_resmed_airtouch_foam_f20_ffm_5.webp","type":"image\/webp"}],"twitter_card":"summary_large_image","twitter_misc":{"Dur\u00e9e de lecture estim\u00e9e":"2 minute"},"schema":{"@context":"https:\/\/schema.org","@graph":[{"@type":"WebPage","@id":"https:\/\/dormalab.com\/fr\/produit\/masque-airtouch-f20-taille-moyenne\/","url":"https:\/\/dormalab.com\/fr\/produit\/masque-airtouch-f20-taille-moyenne\/","name":"Masque AirTouch F20 - Taille moyenne - Dorma Sleep Clinics","isPartOf":{"@id":"https:\/\/dormalab.com\/fr\/#website"},"primaryImageOfPage":{"@id":"https:\/\/dormalab.com\/fr\/produit\/masque-airtouch-f20-taille-moyenne\/#primaryimage"},"image":{"@id":"https:\/\/dormalab.com\/fr\/produit\/masque-airtouch-f20-taille-moyenne\/#primaryimage"},"thumbnailUrl":"https:\/\/dormalab.com\/wp-content\/uploads\/2025\/04\/w-6302x_resmed_airtouch_foam_f20_ffm_5.webp","datePublished":"2025-04-28T16:47:02+00:00","dateModified":"2025-12-09T19:39:07+00:00","breadcrumb":{"@id":"https:\/\/dormalab.com\/fr\/produit\/masque-airtouch-f20-taille-moyenne\/#breadcrumb"},"inLanguage":"fr-FR","potentialAction":[{"@type":"ReadAction","target":["https:\/\/dormalab.com\/fr\/produit\/masque-airtouch-f20-taille-moyenne\/"]}]},{"@type":"ImageObject","inLanguage":"fr-FR","@id":"https:\/\/dormalab.com\/fr\/produit\/masque-airtouch-f20-taille-moyenne\/#primaryimage","url":"https:\/\/dormalab.com\/wp-content\/uploads\/2025\/04\/w-6302x_resmed_airtouch_foam_f20_ffm_5.webp","contentUrl":"https:\/\/dormalab.com\/wp-content\/uploads\/2025\/04\/w-6302x_resmed_airtouch_foam_f20_ffm_5.webp","width":700,"height":700},{"@type":"BreadcrumbList","@id":"https:\/\/dormalab.com\/fr\/produit\/masque-airtouch-f20-taille-moyenne\/#breadcrumb","itemListElement":[{"@type":"ListItem","position":1,"name":"Home","item":"https:\/\/dormalab.com\/fr\/"},{"@type":"ListItem","position":2,"name":"Boutique","item":"https:\/\/dormalab.com\/fr\/boutique\/"},{"@type":"ListItem","position":3,"name":"Masque AirTouch F20 \u2013 Taille moyenne"}]},{"@type":"WebSite","@id":"https:\/\/dormalab.com\/fr\/#website","url":"https:\/\/dormalab.com\/fr\/","name":"Dorma Sleep Clinics","description":"Sleep Well Live Well","publisher":{"@id":"https:\/\/dormalab.com\/fr\/#organization"},"potentialAction":[{"@type":"SearchAction","target":{"@type":"EntryPoint","urlTemplate":"https:\/\/dormalab.com\/fr\/?s={search_term_string}"},"query-input":{"@type":"PropertyValueSpecification","valueRequired":true,"valueName":"search_term_string"}}],"inLanguage":"fr-FR"},{"@type":"Organization","@id":"https:\/\/dormalab.com\/fr\/#organization","name":"Dorma Clinique Du Sommeil","url":"https:\/\/dormalab.com\/fr\/","logo":{"@type":"ImageObject","inLanguage":"fr-FR","@id":"https:\/\/dormalab.com\/fr\/#\/schema\/logo\/image\/","url":"https:\/\/dormalab.com\/wp-content\/uploads\/2019\/10\/Dorma-Logotype-RGB-Black-scaled-e1578787470924.png","contentUrl":"https:\/\/dormalab.com\/wp-content\/uploads\/2019\/10\/Dorma-Logotype-RGB-Black-scaled-e1578787470924.png","width":120,"height":25,"caption":"Dorma Clinique Du Sommeil"},"image":{"@id":"https:\/\/dormalab.com\/fr\/#\/schema\/logo\/image\/"}}]}},"_links":{"self":[{"href":"https:\/\/dormalab.com\/fr\/wp-json\/wp\/v2\/product\/41634","targetHints":{"allow":["GET"]}}],"collection":[{"href":"https:\/\/dormalab.com\/fr\/wp-json\/wp\/v2\/product"}],"about":[{"href":"https:\/\/dormalab.com\/fr\/wp-json\/wp\/v2\/types\/product"}],"version-history":[{"count":0,"href":"https:\/\/dormalab.com\/fr\/wp-json\/wp\/v2\/product\/41634\/revisions"}],"wp:featuredmedia":[{"embeddable":true,"href":"https:\/\/dormalab.com\/fr\/wp-json\/wp\/v2\/media\/40560"}],"wp:attachment":[{"href":"https:\/\/dormalab.com\/fr\/wp-json\/wp\/v2\/media?parent=41634"}],"wp:term":[{"taxonomy":"product_brand","embeddable":true,"href":"https:\/\/dormalab.com\/fr\/wp-json\/wp\/v2\/product_brand?post=41634"},{"taxonomy":"product_cat","embeddable":true,"href":"https:\/\/dormalab.com\/fr\/wp-json\/wp\/v2\/product_cat?post=41634"},{"taxonomy":"product_tag","embeddable":true,"href":"https:\/\/dormalab.com\/fr\/wp-json\/wp\/v2\/product_tag?post=41634"}],"curies":[{"name":"wp","href":"https:\/\/api.w.org\/{rel}","templated":true}]}}